{"id":9706,"date":"2024-11-21T09:06:52","date_gmt":"2024-11-21T07:06:52","guid":{"rendered":"https:\/\/ekva.ee\/avaleht\/"},"modified":"2025-04-11T12:51:31","modified_gmt":"2025-04-11T09:51:31","slug":"avaleht","status":"publish","type":"page","link":"https:\/\/ekva.ee\/en\/","title":{"rendered":"Home"},"content":{"rendered":"<div class=\"ama-block block-info\"><a href=\"https:\/\/ekva.ee\/voistlused\/\" class=\"info-link\"><div class=\"block__body\"><div class=\"info-item hover\"><span class=\"d-flex flex-wrap align-items-center\">V\u00f5istluskalender 2025<\/span><p class=\"info-txt hover\"><span class=\"is-scrollable-txt\">Tutvu 2025. aasta v\u00f5istluste kalenderplaaniga siin<\/span><\/p><\/div><\/div><\/a><\/div>\n\n<div class=\"ama-block block-cover\"><img loading=\"lazy\" decoding=\"async\" width=\"1170\" height=\"420\" src=\"https:\/\/ekva.ee\/wp-content\/uploads\/2025\/03\/KODULEHE-AVALEHT-1170x420-min.jpg\" class=\"attachment-hero-xl size-hero-xl\" alt=\"\" srcset=\"https:\/\/ekva.ee\/wp-content\/uploads\/2025\/03\/KODULEHE-AVALEHT-1170x420-min.jpg 1170w, https:\/\/ekva.ee\/wp-content\/uploads\/2025\/03\/KODULEHE-AVALEHT-1170x420-min-210x75.jpg 210w\" sizes=\"auto, (max-width: 1170px) 100vw, 1170px\" \/><\/div>\n\n<div class=\"ama-block block-posts is-style-slider splide\" data-splide={\"gap\":\"var(--ama-gutter-double-x)\",\"perPage\":4,\"breakpoints\":{\"373\":{\"perPage\":1},\"767\":{\"perPage\":2},\"991\":{\"perPage\":3}},\"pagination\":false}><div class=\"block__header\"><h2 class=\"has-giant-font-size\">Uudised<\/h2><div class=\"splide__arrows\"><button class=\"splide__arrow splide__arrow--prev\"><svg xmlns=\"http:\/\/www.w3.org\/2000\/svg\" width=\"6\" height=\"12\" viewBox=\"0 0 6 12\"><path d=\"M8155.131,22411.836l-5-5.5a.5.5,0,0,1-.129-.338.492.492,0,0,1,.129-.336l5-5.5a.5.5,0,0,1,.741.672l-4.693,5.164,4.693,5.164a.5.5,0,0,1-.741.672Z\" transform=\"translate(-8150.001 -22400)\" fill=\"currentColor\"\/><\/svg><\/button><button class=\"splide__arrow splide__arrow--next\"><svg xmlns=\"http:\/\/www.w3.org\/2000\/svg\" width=\"6\" height=\"12\" viewBox=\"0 0 6 12\"><path d=\"M8150.872,22411.836l5-5.5a.5.5,0,0,0,.129-.338.492.492,0,0,0-.129-.336l-5-5.5a.5.5,0,0,0-.741.672l4.693,5.164-4.693,5.164a.5.5,0,0,0,.741.672Z\" transform=\"translate(-8150.001 -22400)\" fill=\"currentColor\"\/><\/svg><\/button><\/div><div class=\"wp-block-button\"><a href=\"https:\/\/ekva.ee\/kategooria\/uudised\/\" class=\"wp-block-button__link\">Uudiste arhiiv<\/a><\/div><\/div><div class=\"block__body\"><div class=\"splide__track\"><ul class=\"splide__list\"><li class=\"splide__slide\"><a href=\"https:\/\/ekva.ee\/en\/news\/ekva-estonian-masters-athletic-association-has-a-new-president\/\" class=\"post-item\"><div class=\"item__thumb\"><img loading=\"lazy\" decoding=\"async\" width=\"270\" height=\"180\" src=\"https:\/\/ekva.ee\/wp-content\/uploads\/2025\/12\/121-HugoToll_251214_EKVA-1-1-270x180.jpg\" class=\"attachment-thumbnail size-thumbnail wp-post-image\" alt=\"\" srcset=\"https:\/\/ekva.ee\/wp-content\/uploads\/2025\/12\/121-HugoToll_251214_EKVA-1-1-270x180.jpg 270w, https:\/\/ekva.ee\/wp-content\/uploads\/2025\/12\/121-HugoToll_251214_EKVA-1-1-1170x780.jpg 1170w, https:\/\/ekva.ee\/wp-content\/uploads\/2025\/12\/121-HugoToll_251214_EKVA-1-1-186x124.jpg 186w\" sizes=\"auto, (max-width: 270px) 100vw, 270px\" \/><\/div><div class=\"item__content\"><p class=\"is-date\">18.12.2025<\/p><p class=\"has-medium-font-size fw-bold\">EKVA (Estonian Masters Athletics Association) has a new president<\/p><p>On 14 December, EKVA held its General Assembly, where the new composition of the organisation\u2019s leadership was approved. At the&#8230;<\/p>\n<\/div><div class=\"wp-block-button is-style-read-more\"><span class=\"wp-block-button__link\">Read more<\/span><\/div><\/a><\/li><li class=\"splide__slide\"><a href=\"https:\/\/ekva.ee\/en\/news\/eestlaste-medalivoidud-maailmameistrivoistlustel\/\" class=\"post-item\"><div class=\"item__thumb\"><img loading=\"lazy\" decoding=\"async\" width=\"270\" height=\"180\" src=\"https:\/\/ekva.ee\/wp-content\/uploads\/2025\/03\/2025-EESTI-GRUPP-LOIGATUD-270x180.jpg\" class=\"attachment-thumbnail size-thumbnail wp-post-image\" alt=\"Eesti koondis v\u00f5itis maailmameistriv\u00f5istlustele kokku kolm kuldmedalit (J\u00fcrgen Lamp M80 klassis kolmikh\u00fcpe 8.55 ja k\u00f5rgush\u00fcpe 1.20, Kristi V\u00f5hmar N40 klassis kolmikh\u00fcpe 11.83), kaks h\u00f5bemedalit (J\u00fcrgen Lamp kaugush\u00fcpe 3.64, Kristi V\u00f5hmar 5.65) ja \u00fche pronksmedali (Kristi V\u00f5hmar N40 klassis 60 mtj ajaga 9.43). Indrek Tobrelutsul j\u00e4i v\u00f5istlemata vigastuse t\u00f5ttu, heitjaid esindanud eksmaailmameister Neinar Seli jai seekord tiitlist kaugemale. \u00d5nnitleme medaliv\u00f5itjaid ja soovime jaksu edaspidiseks k\u00f5igile sportlastele!\" \/><\/div><div class=\"item__content\"><p class=\"is-date\">30.03.2025<\/p><p class=\"has-medium-font-size fw-bold\">Eestlaste medaliv\u00f5idud maailmameistriv\u00f5istlustel<\/p><p>Eesti koondis v\u00f5itis maailmameistriv\u00f5istlustel kokku kolm kuldmedalit (J\u00fcrgen Lamp M80 klassis kolmikh\u00fcppes 8.55 ja k\u00f5rgush\u00fcppes 1.20, Kristi V\u00f5hmar N40 klassis&#8230;<\/p>\n<\/div><div class=\"wp-block-button is-style-read-more\"><span class=\"wp-block-button__link\">Read more<\/span><\/div><\/a><\/li><li class=\"splide__slide\"><a href=\"https:\/\/ekva.ee\/en\/announcements\/baltimaade-meistrivoistlused-2025\/\" class=\"post-item\"><div class=\"item__thumb\"><img loading=\"lazy\" decoding=\"async\" width=\"270\" height=\"180\" src=\"https:\/\/ekva.ee\/wp-content\/uploads\/2025\/03\/2025-MEDAL-info-juurde-270x180.jpg\" class=\"attachment-thumbnail size-thumbnail wp-post-image\" alt=\"\" \/><\/div><div class=\"item__content\"><p class=\"is-date\">30.03.2025<\/p><p class=\"has-medium-font-size fw-bold\">Baltimaade meistriv\u00f5istlused 2025<\/p><p>6.-7.09.2025 toimuvad Klaipedas Baltimaade 12. meistriv\u00f5istlused kergej\u00f5ustikus. EKVA juhatus pakub v\u00f5imalust s\u00f5ita v\u00f5istlustele 05.09 bussiga Tallinnast, tagasi 07.09 (bussis 23&#8230;<\/p>\n<\/div><div class=\"wp-block-button is-style-read-more\"><span class=\"wp-block-button__link\">Read more<\/span><\/div><\/a><\/li><li class=\"splide__slide\"><a href=\"https:\/\/ekva.ee\/en\/news\/teine-kuldmedal-eestile\/\" class=\"post-item\"><div class=\"item__thumb\"><img loading=\"lazy\" decoding=\"async\" width=\"270\" height=\"180\" src=\"https:\/\/ekva.ee\/wp-content\/uploads\/2025\/03\/2025-kristi-vaike-270x180.jpg\" class=\"attachment-thumbnail size-thumbnail wp-post-image\" alt=\"Teise meedali, seekord kuldse, v\u00f5itis Kristi V\u00f5hmar N40 klassi kolmikh\u00fcppes tulemusega 11.83. Kristil on \u00fcks ala veel ees, kas tuleb j\u00e4lle kuld v\u00f5i hoopiski pronks, et oleks t\u00e4ielik komplekt MM medaleid\" \/><\/div><div class=\"item__content\"><p class=\"is-date\">28.03.2025<\/p><p class=\"has-medium-font-size fw-bold\">Teine kuldmedal Eestile!<\/p><p>Teise kuldmedali Eestile v\u00f5itis Kristi V\u00f5hmar (fotol keskel 2024.a. parima auhinnaga) N40 klassi kolmikh\u00fcppes tulemusega 11.83. Temale oli see teine&#8230;<\/p>\n<\/div><div class=\"wp-block-button is-style-read-more\"><span class=\"wp-block-button__link\">Read more<\/span><\/div><\/a><\/li><li class=\"splide__slide\"><a href=\"https:\/\/ekva.ee\/en\/news\/kristi-vohmar-mm-hobemedal-kaugushuppes\/\" class=\"post-item\"><div class=\"item__thumb\"><img loading=\"lazy\" decoding=\"async\" width=\"270\" height=\"180\" src=\"https:\/\/ekva.ee\/wp-content\/uploads\/2025\/03\/2025-KRISTI-LAVAL-VERT-270x180.jpg\" class=\"attachment-thumbnail size-thumbnail wp-post-image\" alt=\"Kristi V\u00f5hmar v\u00f5itis MM-l N40 kaugush\u00fcppes tulemusega 5.65 h\u00f5bemedali. Eestil seni kaks medalit.\" \/><\/div><div class=\"item__content\"><p class=\"is-date\">27.03.2025<\/p><p class=\"has-medium-font-size fw-bold\">Kristi V\u00f5hmar MM h\u00f5bemedal  kaugush\u00fcppes!<\/p><p>Kristi V\u00f5hmar v\u00f5itis MM-l N40 klassis kaugush\u00fcppes tulemusega 5.65 h\u00f5bemedali. See oli Eestile teine medal nendel maailmameistriv\u00f5istlustel.<\/p>\n<\/div><div class=\"wp-block-button is-style-read-more\"><span class=\"wp-block-button__link\">Read more<\/span><\/div><\/a><\/li><li class=\"splide__slide\"><a href=\"https:\/\/ekva.ee\/en\/news\/jurgen-lamp-kolmikhuppes-kuldmedal\/\" class=\"post-item\"><div class=\"item__thumb\"><img loading=\"lazy\" decoding=\"async\" width=\"270\" height=\"180\" src=\"https:\/\/ekva.ee\/wp-content\/uploads\/2025\/03\/2025-JURGEN-1-2-270x180.jpg\" class=\"attachment-thumbnail size-thumbnail wp-post-image\" alt=\"\" \/><\/div><div class=\"item__content\"><p class=\"is-date\">27.03.2025<\/p><p class=\"has-medium-font-size fw-bold\">J\u00fcrgen Lamp &#8211; kolmikh\u00fcppes  kuldmedal!<\/p><p>2025.a. maailmameistriv\u00f5istlustel Gainsville\u00b4s v\u00f5itis Eesti koondise kapten J\u00fcrgen Lamp M80 klassis kolmikh\u00fcppes tulemusega 8.55 kuldmedali!<\/p>\n<\/div><div class=\"wp-block-button is-style-read-more\"><span class=\"wp-block-button__link\">Read more<\/span><\/div><\/a><\/li><li class=\"splide__slide\"><a href=\"https:\/\/ekva.ee\/en\/announcements\/liikmemaksud-2025\/\" class=\"post-item\"><div class=\"item__thumb\"><img loading=\"lazy\" decoding=\"async\" width=\"270\" height=\"180\" src=\"https:\/\/ekva.ee\/wp-content\/uploads\/2025\/03\/Tiia-Krutob-270x180.jpg\" class=\"attachment-thumbnail size-thumbnail wp-post-image\" alt=\"\" srcset=\"https:\/\/ekva.ee\/wp-content\/uploads\/2025\/03\/Tiia-Krutob-270x180.jpg 270w, https:\/\/ekva.ee\/wp-content\/uploads\/2025\/03\/Tiia-Krutob-1170x780.jpg 1170w, https:\/\/ekva.ee\/wp-content\/uploads\/2025\/03\/Tiia-Krutob-186x124.jpg 186w\" sizes=\"auto, (max-width: 270px) 100vw, 270px\" \/><\/div><div class=\"item__content\"><p class=\"is-date\">25.03.2025<\/p><p class=\"has-medium-font-size fw-bold\">Liikmemaksud 2025<\/p><p>EKVA juhatus tuletab liikmetele meelde, et kellel on 2025.aasta EKVA liikmemaks siiani tasumata, oleks aeg seda l\u00e4hiajal teha. EKVA liikmemaks&#8230;<\/p>\n<\/div><div class=\"wp-block-button is-style-read-more\"><span class=\"wp-block-button__link\">Read more<\/span><\/div><\/a><\/li><li class=\"splide__slide\"><a href=\"https:\/\/ekva.ee\/en\/announcements\/albania-masters-athletes-kutsub-voistlema\/\" class=\"post-item\"><div class=\"item__thumb\"><img loading=\"lazy\" decoding=\"async\" width=\"270\" height=\"180\" src=\"https:\/\/ekva.ee\/wp-content\/uploads\/2025\/01\/KODULEHE-AVALEHT-270x180.jpg\" class=\"attachment-thumbnail size-thumbnail wp-post-image\" alt=\"\" \/><\/div><div class=\"item__content\"><p class=\"is-date\">03.03.2025<\/p><p class=\"has-medium-font-size fw-bold\">Albania Masters Athletes kutsub v\u00f5istlema<\/p><p>Albania Masters Athletes kutsub v\u00f5istlema Albaaniasse Shkodra linnas 15.-18. maini toimuvale EMA karikav\u00f5istluste etapile.<\/p>\n<\/div><div class=\"wp-block-button is-style-read-more\"><span class=\"wp-block-button__link\">Read more<\/span><\/div><\/a><\/li><\/ul><\/div><\/div><\/div>\n\n<div class=\"ama-block block-bgcolor full-width\">\n\n<div class=\"wp-block-columns is-layout-flex wp-container-core-columns-is-layout-28f84493 wp-block-columns-is-layout-flex\">\n<div class=\"wp-block-column is-layout-flow wp-block-column-is-layout-flow\" style=\"flex-basis:33.33%\">\n<h2 class=\"wp-block-heading has-giant-font-size wp-el\">\u00d5nnitleme juubilare!<\/h2>\n\n\n<div class=\"ama-block block-jubilarians\"><ul class=\"wp-block-list wp-el jubilarians-list\"><li><span class=\"jubilarian-date\">29. March<\/span> &#8211; <span class=\"jubilarian-name\">Rahel Kallau<\/span> <span class=\"jubilarian-age\">60<\/span><\/li><li><span class=\"jubilarian-date\">30. March<\/span> &#8211; <span class=\"jubilarian-name\">Hugo Toll<\/span> <span class=\"jubilarian-age\">50<\/span><\/li><li><span class=\"jubilarian-date\">04. April<\/span> &#8211; <span class=\"jubilarian-name\">Henn P\u00e4rn<\/span> <span class=\"jubilarian-age\">85<\/span><\/li><li><span class=\"jubilarian-date\">05. April<\/span> &#8211; <span class=\"jubilarian-name\">Indrek Tobreluts<\/span> <span class=\"jubilarian-age\">50<\/span><\/li><li><span class=\"jubilarian-date\">08. April<\/span> &#8211; <span class=\"jubilarian-name\">Aleksander Pajuri<\/span> <span class=\"jubilarian-age\">75<\/span><\/li><li><span class=\"jubilarian-date\">13. April<\/span> &#8211; <span class=\"jubilarian-name\">Piret Suitso<\/span> <span class=\"jubilarian-age\">80<\/span><\/li><li><span class=\"jubilarian-date\">20. April<\/span> &#8211; <span class=\"jubilarian-name\">Martin M\u00f6lder<\/span> <span class=\"jubilarian-age\">80<\/span><\/li><li><span class=\"jubilarian-date\">22. April<\/span> &#8211; <span class=\"jubilarian-name\">Harry M\u00e4gi<\/span> <span class=\"jubilarian-age\">75<\/span><\/li><li><span class=\"jubilarian-date\">24. April<\/span> &#8211; <span class=\"jubilarian-name\">Villu Veel<\/span> <span class=\"jubilarian-age\">55<\/span><\/li><li><span class=\"jubilarian-date\">26. April<\/span> &#8211; <span class=\"jubilarian-name\">Ene N\u00f5mmik<\/span> <span class=\"jubilarian-age\">80<\/span><\/li><li><span class=\"jubilarian-date\">02. May<\/span> &#8211; <span class=\"jubilarian-name\">Kaido Peterson<\/span> <span class=\"jubilarian-age\">55<\/span><\/li><li><span class=\"jubilarian-date\">06. May<\/span> &#8211; <span class=\"jubilarian-name\">\u00dclo Randaru<\/span> <span class=\"jubilarian-age\">65<\/span><\/li><li><span class=\"jubilarian-date\">15. May<\/span> &#8211; <span class=\"jubilarian-name\">Aivar Hommik<\/span> <span class=\"jubilarian-age\">60<\/span><\/li><li><span class=\"jubilarian-date\">20. May<\/span> &#8211; <span class=\"jubilarian-name\">Arno Kuusk<\/span> <span class=\"jubilarian-age\">85<\/span><\/li><\/ul><div class=\"block__footer\"><div class=\"wp-block-button\"><a href=\"https:\/\/ekva.ee\/juubilarid\/\" class=\"wp-block-button__link\">Vaata k\u00f5iki juubilare<\/a><\/div><\/div><\/div><\/div>\n\n\n\n<div class=\"wp-block-column is-layout-flow wp-block-column-is-layout-flow\" style=\"flex-basis:66.66%\">\n<h2 class=\"wp-block-heading has-giant-font-size wp-el\">EKVA info<\/h2>\n\n\n<div class=\"ama-block block-txtmedia reverse-order\"><div class=\"block__body\"><div class=\"body__content\">\n\n<p class=\"wp-el\"><strong><mark style=\"background-color:rgba(0, 0, 0, 0)\" class=\"has-inline-color has-primary-color\">EESTI KERGEJ\u00d5USTIKUVETERANIDE ASSOTSIATSIOON (EKVA)<\/mark><\/strong><\/p>\n\n\n\n<p class=\"wp-el\">Registrikood 80046306<br>Arveldusarve: EE941010102032127001<br>Aadress: <a href=\"https:\/\/maps.app.goo.gl\/a265fw2r9mTxvucH6\" data-type=\"link\" data-id=\"https:\/\/maps.app.goo.gl\/a265fw2r9mTxvucH6\" target=\"_blank\" rel=\"noreferrer noopener\">Trummi 21-10, Tallinn 12617<\/a><br>Telefon: <a href=\"tel:3725039663\">+372 503 9663<\/a><br>E-post: <a href=\"mailto:author@author.ee\">author@author.ee<\/a><\/p>\n\n\n\n<div class=\"wp-block-buttons is-layout-flex wp-block-buttons-is-layout-flex\">\n<div class=\"wp-block-button\"><a class=\"wp-block-button__link wp-element-button\" href=\"https:\/\/ekva.ee\/wp-content\/uploads\/2024\/12\/Avaldus_EKVA_liikmeksastumiseks.doc\" target=\"_blank\" rel=\"noreferrer noopener\">EKVAga liitumisavaldus ja ankeet<\/a><\/div>\n<\/div>\n\n<\/div><div class=\"body__media\"><div class=\"splide\" data-splide={\"type\":\"fade\",\"pagination\":false}><div class=\"splide__track\"><ul class=\"splide__list\"><li class=\"splide__slide\"><a href=\"https:\/\/ekva.ee\/wp-content\/uploads\/2024\/12\/dqflm5d87e450d54cb2019_GRUPIPILT_HELE_MINA_VAATAN_VASAKULE-1.jpg\" data-fancybox=\"txtmedia-block_1622916d14fa90b006bb61320e9ba154\"><img loading=\"lazy\" decoding=\"async\" width=\"570\" height=\"370\" src=\"https:\/\/ekva.ee\/wp-content\/uploads\/2024\/12\/dqflm5d87e450d54cb2019_GRUPIPILT_HELE_MINA_VAATAN_VASAKULE-1-570x370.jpg\" class=\"attachment-img-570x370 size-img-570x370\" alt=\"\" \/><\/a><\/li><\/ul><\/div><div class=\"splide__arrows hide-arrows\"><button class=\"splide__arrow splide__arrow--prev\"><svg xmlns=\"http:\/\/www.w3.org\/2000\/svg\" width=\"20\" height=\"16\" viewBox=\"0 0 20 16\"><path d=\"M8269.068-578.337a1.118,1.118,0,0,0,0-1.614l-5.052-4.906h14.808A1.159,1.159,0,0,0,8280-586a1.161,1.161,0,0,0-1.176-1.142h-14.8l5.048-4.9a1.123,1.123,0,0,0,0-1.618,1.2,1.2,0,0,0-1.663,0l-7.061,6.859A1.122,1.122,0,0,0,8260-586a1.119,1.119,0,0,0,.345.807l7.061,6.856a1.185,1.185,0,0,0,.834.337A1.185,1.185,0,0,0,8269.068-578.337Z\" transform=\"translate(-8260 594)\" fill=\"currentColor\"\/><\/svg><\/button><button class=\"splide__arrow splide__arrow--next\"><svg xmlns=\"http:\/\/www.w3.org\/2000\/svg\" width=\"20\" height=\"16\" viewBox=\"0 0 20 16\"><path d=\"M8270.932-578.337a1.118,1.118,0,0,1,0-1.614l5.052-4.906h-14.808A1.159,1.159,0,0,1,8260-586a1.161,1.161,0,0,1,1.176-1.142h14.8l-5.048-4.9a1.123,1.123,0,0,1,0-1.618,1.2,1.2,0,0,1,1.663,0l7.061,6.859A1.122,1.122,0,0,1,8280-586a1.119,1.119,0,0,1-.345.807l-7.061,6.856a1.185,1.185,0,0,1-.834.337A1.185,1.185,0,0,1,8270.932-578.337Z\" transform=\"translate(-8260 594)\" fill=\"currentColor\"\/><\/svg><\/button><\/div><\/div><\/div><\/div><\/div>\n\n\n<p class=\"wp-el\">EKVA liikmemaks 2024.a. on 15 EUR aastas (EKVA auliikmed ja \u00fcle 77-aastased EKVA liikmed on maksust vabastatud). M\u00e4\u00e4rustep\u00e4raste v\u00f5istluste protokollid palume saata <a href=\"mailto:author@author.ee\">author@author.ee<\/a> ja edetabeli jaoks <a href=\"mailto:ennoakkel754@gmail.com\">ennoakkel754@gmail.com<\/a>. <mark style=\"background-color:rgba(0, 0, 0, 0)\" class=\"has-inline-color has-primary-color\"><strong>NB!!! AINULT .pdf FAILINA!<\/strong><\/mark><\/p>\n<\/div>\n<\/div>\n\n<\/div>\n\n<div class=\"ama-block block-competitions is-style-with-results\"><div class=\"row\"><div class=\"col-12 col-xl col-competitions\"><div class=\"block__header\"><h2 class=\"has-giant-font-size\">V\u00f5istluste kalender<\/h2><\/div><div class=\"block__body\"><div class=\"competition-item\"><div class=\"item__date\"><span class=\"date-month\">Aug<\/span><span class=\"date-day\">08<\/span><span class=\"date-year\">2026<\/span><\/div><div class=\"item__content\"><p class=\"fw-bold has-medium-font-size\">Baltic Open and Estonian Masters Athletics Championships 2026<\/p><p class=\"fw-bold has-small-font-size has-primary-color\">08.08 &#8211; 09.08.2026<\/p><\/div><\/div><\/div><div class=\"block__footer\"><div class=\"wp-block-button\"><a href=\"https:\/\/ekva.ee\/voistlused\/\" class=\"wp-block-button__link\">Ava suur kalender<\/a><\/div><\/div><\/div><div class=\"col-12 col-xl-4 col-results\"><div class=\"block__header\"><h2 class=\"has-giant-font-size\">Tulemused<\/h2><\/div><div class=\"block__body\"><a href=\"https:\/\/ekva.ee\/wp-content\/uploads\/2025\/06\/2025-Viljandi-HMV-II-18.06.-2025.pdf\" class=\"result-item no-lightbox\" download><div class=\"item__content\"><p class=\"file-date fw-bold has-small-font-size has-primary-color\">2025<\/p><p class=\"file-title fw-bold has-medium-font-size\">2025 Viljandi Throwing Penthatlon II 18.06.2025<\/p><\/div><\/a><a href=\"https:\/\/ekva.ee\/wp-content\/uploads\/2025\/06\/2025-Tallinn-heited-15.06.2025-Manniliival.xlsx\" class=\"result-item no-lightbox\" download><div class=\"item__content\"><p class=\"file-date fw-bold has-small-font-size has-primary-color\">2025<\/p><p class=\"file-title fw-bold has-medium-font-size\">2025 Tallinn M\u00e4nniliiva 6 heited 15.06.2025<\/p><\/div><\/a><a href=\"https:\/\/ekva.ee\/wp-content\/uploads\/2025\/06\/2025-Jarvakandi-heidete-paev-14.06.2025.pdf\" class=\"result-item no-lightbox\" download><div class=\"item__content\"><p class=\"file-date fw-bold has-small-font-size has-primary-color\">2025<\/p><p class=\"file-title fw-bold has-medium-font-size\">2025 J\u00e4rvakandi heidete p\u00e4ev 14.06.2025<\/p><\/div><\/a><a href=\"https:\/\/ekva.ee\/wp-content\/uploads\/2025\/06\/2025-Pokardi-Heited-II-etapp-11.06.2025.pdf\" class=\"result-item no-lightbox\" download><div class=\"item__content\"><p class=\"file-date fw-bold has-small-font-size has-primary-color\">2025<\/p><p class=\"file-title fw-bold has-medium-font-size\">2025 Pokardi HMV II etapp 11.06.2025<\/p><\/div><\/a><a href=\"https:\/\/ekva.ee\/wp-content\/uploads\/2025\/06\/KEVEK-ja-Tartu-KALEV-Staadionijooksu-sari-III-etapp-koos-hupete-ja-heidetega-04.06.2025.docx\" class=\"result-item no-lightbox\" download><div class=\"item__content\"><p class=\"file-date fw-bold has-small-font-size has-primary-color\">2025<\/p><p class=\"file-title fw-bold has-medium-font-size\">2025 KEVEK staadionijooks  III koos h\u00fcpete ja heidetega 07.06.2025<\/p><\/div><\/a><a href=\"https:\/\/ekva.ee\/wp-content\/uploads\/2025\/06\/TSVK-heidete-voistlus-01.06.2025.pdf\" class=\"result-item no-lightbox\" download><div class=\"item__content\"><p class=\"file-date fw-bold has-small-font-size has-primary-color\">2025<\/p><p class=\"file-title fw-bold has-medium-font-size\">2025 Tallinn heited 01.06.2025<\/p><\/div><\/a><a href=\"https:\/\/ekva.ee\/wp-content\/uploads\/2025\/05\/2025-Viljandi-HMV-I-28.05.2025.pdf\" class=\"result-item no-lightbox\" download><div class=\"item__content\"><p class=\"file-date fw-bold has-small-font-size has-primary-color\">2025<\/p><p class=\"file-title fw-bold has-medium-font-size\">2025 Viljandi HMV  I 28.05.2025<\/p><\/div><\/a><a href=\"https:\/\/ekva.ee\/wp-content\/uploads\/2025\/05\/Tallinna-SVK-HMV-PROTOKOLL-25.05.2025.pdf\" class=\"result-item no-lightbox\" download><div class=\"item__content\"><p class=\"file-date fw-bold has-small-font-size has-primary-color\">2025<\/p><p class=\"file-title fw-bold has-medium-font-size\">2025 Tallinna SVK HMV 25.05.2025<\/p><\/div><\/a><\/div><div class=\"block__footer text-center\"><div class=\"wp-block-button\"><a href=\"https:\/\/ekva.ee\/grupp\/tulemused\/\" class=\"wp-block-button__link\">View All Results<\/a><\/div><\/div><\/div><\/div><\/div>\n\n<div class=\"ama-block block-imglinks\"><div class=\"block__body\"><a href=\"https:\/\/ekva.ee\/parimad-sportlased\/\" class=\"img-link\"><span>Parimad sportlased<\/span><img loading=\"lazy\" decoding=\"async\" width=\"370\" height=\"210\" src=\"https:\/\/ekva.ee\/wp-content\/uploads\/2024\/11\/pbamq5ba7bb08b2ee4MALAGA_GRUPP_1-370x210.jpg\" class=\"attachment-img-370x210 size-img-370x210\" alt=\"\" \/><\/a><a href=\"https:\/\/ekva.ee\/grupp\/arhiiv\/\" class=\"img-link\"><span>Arhiiv<\/span><img loading=\"lazy\" decoding=\"async\" width=\"370\" height=\"210\" src=\"https:\/\/ekva.ee\/wp-content\/uploads\/2024\/11\/hxkov4a921968a6714IMG_1483-370x210.jpg\" class=\"attachment-img-370x210 size-img-370x210\" alt=\"\" \/><\/a><a href=\"https:\/\/ekva.ee\/galeriid\/\" class=\"img-link\"><span>Galerii<\/span><img loading=\"lazy\" decoding=\"async\" width=\"370\" height=\"210\" src=\"https:\/\/ekva.ee\/wp-content\/uploads\/2024\/11\/tkmug5c22a65d3e0582018_PARIMAD_GRUPIPILT-370x210.jpg\" class=\"attachment-img-370x210 size-img-370x210\" alt=\"\" \/><\/a><\/div><\/div>\n\n<div class=\"ama-block block-logos\"><div class=\"block__header\"><h2>Toetajad\/Vajalikud lingid<\/h2><\/div><div class=\"block__body overflow-hidden\"><div class=\"d-flex\"><a href=\"https:\/\/www.ekjl.ee\/\" class=\"d-flex-item logo-item\" target=\"_blank\" rel=\"noopener\"><img decoding=\"async\" src=\"https:\/\/ekva.ee\/wp-content\/uploads\/2024\/11\/ekjl-logo.svg\" alt=\"\" \/><\/a><a href=\"https:\/\/esvl.ee\/uus\/\" class=\"d-flex-item logo-item\" target=\"_blank\" rel=\"noopener\"><img loading=\"lazy\" decoding=\"async\" width=\"78\" height=\"124\" src=\"https:\/\/ekva.ee\/wp-content\/uploads\/2024\/11\/esl-logo.png\" class=\"attachment-logo-lg size-logo-lg\" alt=\"\" \/><\/a><a href=\"https:\/\/kulka.ee\/\" class=\"d-flex-item logo-item\" target=\"_blank\" rel=\"noopener\"><img decoding=\"async\" src=\"https:\/\/ekva.ee\/wp-content\/uploads\/2025\/02\/Kulka-logo.svg\" alt=\"\" \/><\/a><a href=\"https:\/\/www.tallinn.ee\/et\" class=\"d-flex-item logo-item\" target=\"_blank\" rel=\"noopener\"><img decoding=\"async\" src=\"https:\/\/ekva.ee\/wp-content\/uploads\/2025\/02\/tallinn-logo.svg\" alt=\"\" \/><\/a><a href=\"https:\/\/world-masters-athletics.com\/\" class=\"d-flex-item logo-item\" target=\"_blank\" rel=\"noopener\"><img loading=\"lazy\" decoding=\"async\" width=\"210\" height=\"70\" src=\"https:\/\/ekva.ee\/wp-content\/uploads\/2024\/11\/wma-logo.png\" class=\"attachment-logo-lg size-logo-lg\" alt=\"\" \/><\/a><a href=\"https:\/\/european-masters-athletics.org\/\" class=\"d-flex-item logo-item\" target=\"_blank\" rel=\"noopener\"><img loading=\"lazy\" decoding=\"async\" width=\"210\" height=\"94\" src=\"https:\/\/ekva.ee\/wp-content\/uploads\/2024\/11\/ema-logo.png\" class=\"attachment-logo-lg size-logo-lg\" alt=\"\" \/><\/a><a href=\"https:\/\/mastersrankings.com\" class=\"d-flex-item logo-item\" target=\"_blank\" rel=\"noopener\"><img loading=\"lazy\" decoding=\"async\" width=\"124\" height=\"124\" src=\"https:\/\/ekva.ee\/wp-content\/uploads\/2025\/03\/MastersRankings-logo-124x124.png\" class=\"attachment-logo-lg size-logo-lg\" alt=\"\" srcset=\"https:\/\/ekva.ee\/wp-content\/uploads\/2025\/03\/MastersRankings-logo-124x124.png 124w, https:\/\/ekva.ee\/wp-content\/uploads\/2025\/03\/MastersRankings-logo.png 300w\" sizes=\"auto, (max-width: 124px) 100vw, 124px\" \/><\/a><\/div><\/div><\/div>","protected":false},"excerpt":{"rendered":"","protected":false},"author":1,"featured_media":0,"parent":0,"menu_order":0,"comment_status":"closed","ping_status":"closed","template":"","meta":{"_acf_changed":false,"footnotes":""},"class_list":["post-9706","page","type-page","status-publish","hentry"],"acf":[],"_links":{"self":[{"href":"https:\/\/ekva.ee\/en\/wp-json\/wp\/v2\/pages\/9706","targetHints":{"allow":["GET"]}}],"collection":[{"href":"https:\/\/ekva.ee\/en\/wp-json\/wp\/v2\/pages"}],"about":[{"href":"https:\/\/ekva.ee\/en\/wp-json\/wp\/v2\/types\/page"}],"author":[{"embeddable":true,"href":"https:\/\/ekva.ee\/en\/wp-json\/wp\/v2\/users\/1"}],"replies":[{"embeddable":true,"href":"https:\/\/ekva.ee\/en\/wp-json\/wp\/v2\/comments?post=9706"}],"version-history":[{"count":1,"href":"https:\/\/ekva.ee\/en\/wp-json\/wp\/v2\/pages\/9706\/revisions"}],"predecessor-version":[{"id":9804,"href":"https:\/\/ekva.ee\/en\/wp-json\/wp\/v2\/pages\/9706\/revisions\/9804"}],"wp:attachment":[{"href":"https:\/\/ekva.ee\/en\/wp-json\/wp\/v2\/media?parent=9706"}],"curies":[{"name":"wp","href":"https:\/\/api.w.org\/{rel}","templated":true}]}}